{"id":12852,"date":"2019-05-24T22:24:21","date_gmt":"2019-05-24T22:24:21","guid":{"rendered":"https:\/\/elrincondefehmi.k8s.optimizaclick.com\/?page_id=12852"},"modified":"2025-06-27T15:25:16","modified_gmt":"2025-06-27T15:25:16","slug":"lamparas-turcas","status":"publish","type":"page","link":"https:\/\/elrincondefehmi.com\/es\/lamparas-turcas\/","title":{"rendered":"L\u00e1mparas Artesanales de Turqu\u00eda"},"content":{"rendered":"\t\t<div data-elementor-type=\"wp-page\" data-elementor-id=\"12852\" class=\"elementor elementor-12852\">\n\t\t\t\t\t\t\t\t\t<section data-particle_enable=\"false\" data-particle-mobile-disabled=\"false\" class=\"elementor-section elementor-top-section elementor-element elementor-element-30c9321 elementor-section-boxed elementor-section-height-default elementor-section-height-default\" data-id=\"30c9321\" data-element_type=\"section\">\r\n\t\t\r\n\t\t\t\t\t\t\t<div class=\"elementor-container elementor-column-gap-default\">\r\n\t\t\t\t\t\t\t\t\t\t\t<div class=\"elementor-column elementor-col-100 elementor-top-column elementor-element elementor-element-31cefda\" data-id=\"31cefda\" data-element_type=\"column\">\r\n\t\t\t\t\t<div class=\"elementor-widget-wrap elementor-element-populated\">\r\n\t\t\t\t\t\t\t\t<div class=\"elementor-element elementor-element-ffb6631 elementor-widget elementor-widget-porto_ultimate_heading\" data-id=\"ffb6631\" data-element_type=\"widget\" data-widget_type=\"porto_ultimate_heading.default\">\n\t\t\t\t<div class=\"elementor-widget-container\">\n\t\t\t<div class=\"porto-u-heading  porto-u-2815\"><div class=\"porto-u-main-heading\"><h2   >L\u00c1MPARAS TURCAS ARABES<\/h2><\/div><style>.porto-u-2815.porto-u-heading{text-align:left}<\/style><\/div>\t\t<\/div>\n\t\t\t\t<\/div>\n\t\t\t\t<div class=\"elementor-element elementor-element-b0ca501 elementor-widget elementor-widget-text-editor\" data-id=\"b0ca501\" data-element_type=\"widget\" data-widget_type=\"text-editor.default\">\n\t\t\t\t<div class=\"elementor-widget-container\">\n\t\t\t<style>\/*! elementor - v3.16.0 - 09-10-2023 *\/\n.elementor-widget-text-editor.elementor-drop-cap-view-stacked .elementor-drop-cap{background-color:#69727d;color:#fff}.elementor-widget-text-editor.elementor-drop-cap-view-framed .elementor-drop-cap{color:#69727d;border:3px solid;background-color:transparent}.elementor-widget-text-editor:not(.elementor-drop-cap-view-default) .elementor-drop-cap{margin-top:8px}.elementor-widget-text-editor:not(.elementor-drop-cap-view-default) .elementor-drop-cap-letter{width:1em;height:1em}.elementor-widget-text-editor .elementor-drop-cap{float:left;text-align:center;line-height:1;font-size:50px}.elementor-widget-text-editor .elementor-drop-cap-letter{display:inline-block}<\/style>\t\t\t\t<p>Nuestras l\u00e1mparas turcas arabes de mosaico se fabrican de manera artesanal con estructura lat\u00f3n y tesales de cristal cortados a mano.<\/p><p>Ven a visitarnos y te ayudamos a crear tu propia combinaci\u00f3n de l\u00e1mparas de mosaico seg\u00fan tu estilo.<\/p>\t\t\t\t\t\t<\/div>\n\t\t\t\t<\/div>\n\t\t\t\t\t<\/div>\r\n\t\t\t\t<\/div>\r\n\t\t\t\t\t<\/div>\r\n\t\t\t\t<\/section>\r\n\t\t\t\t<section data-particle_enable=\"false\" data-particle-mobile-disabled=\"false\" class=\"elementor-section elementor-top-section elementor-element elementor-element-8ba8644 elementor-section-boxed elementor-section-height-default elementor-section-height-default\" data-id=\"8ba8644\" data-element_type=\"section\">\r\n\t\t\r\n\t\t\t\t\t\t\t<div class=\"elementor-container elementor-column-gap-default\">\r\n\t\t\t\t\t\t\t\t\t\t\t<div class=\"elementor-column elementor-col-100 elementor-top-column elementor-element elementor-element-1cf6c4d\" data-id=\"1cf6c4d\" data-element_type=\"column\">\r\n\t\t\t\t\t<div class=\"elementor-widget-wrap elementor-element-populated\">\r\n\t\t\t\t\t\t\t\t<div class=\"elementor-element elementor-element-4d49e49 elementor-widget elementor-widget-porto_products\" data-id=\"4d49e49\" data-element_type=\"widget\" data-settings=\"{&quot;spacing&quot;:{&quot;unit&quot;:&quot;px&quot;,&quot;size&quot;:&quot;&quot;,&quot;sizes&quot;:[]}}\" data-widget_type=\"porto_products.default\">\n\t\t\t\t<div class=\"elementor-widget-container\">\n\t\t\t<div id=\"porto-products-1716\" class=\"porto-products wpb_content_element theme_option\"><div class=\"woocommerce columns-4 \"><ul class=\"products products-container grid pcols-lg-4 pcols-md-3 pcols-xs-3 pcols-ls-2 pwidth-lg-4 pwidth-md-3 pwidth-xs-2 pwidth-ls-1 is-shortcode viwcpf-wrap-products\"\r\n\t data-cur_page=\"1\" data-max_page=\"1\" data-product_layout=\"product-outimage_aq_onimage with-padding\">\r\n\r\n<li class=\"product-col product-outimage_aq_onimage with-padding product type-product post-3341 status-publish first instock product_cat-lamparas product_tag-lampara-mosaico-del-techo has-post-thumbnail shipping-taxable product-type-simple\">\r\n<div class=\"product-inner\">\r\n\t\r\n\t<div class=\"product-image\">\r\n\r\n\t\t<a  href=\"https:\/\/elrincondefehmi.com\/es\/tienda\/lamparas\/lampara-mosaico-de-techo-hm-14-t\/\" aria-label=\"product\">\r\n\t\t\t<div class=\"inner img-effect\"><img width=\"600\" height=\"800\" src=\"https:\/\/elrincondefehmi.com\/es\/wp-content\/uploads\/2023\/05\/4906-600x800.jpg\" class=\" wp-post-image wp-post-image\" alt=\"\" decoding=\"async\" loading=\"lazy\" \/><img width=\"600\" height=\"800\" src=\"https:\/\/elrincondefehmi.com\/es\/wp-content\/uploads\/2023\/05\/IMG_5501-2-600x800.jpg\" class=\"hover-image wp-post-image\" alt=\"\" decoding=\"async\" loading=\"lazy\" \/><\/div>\t\t<\/a>\r\n\t\t\t<div class=\"links-on-image\">\r\n\t\t\t<div class=\"add-links-wrap\">\r\n\t<div class=\"add-links no-effect clearfix\">\r\n\t\t<a href=\"https:\/\/elrincondefehmi.com\/es\/tienda\/lamparas\/lampara-mosaico-de-techo-hm-14-t\/\" rel=\"nofollow\" data-product_id=\"3341\" data-product_sku=\"CM 12 H 5 \/ 1\" data-quantity=\"1\" class=\"button viewcart-style-3 add_to_cart_read_more product_type_simple\"  data-product_id=\"3341\" data-product_sku=\"CM 12 H 5 \/ 1\" aria-label=\"Lee m\u00e1s sobre &ldquo;L\u00e1mpara mosaico del techo 5 globos&rdquo;\" aria-describedby=\"\" rel=\"nofollow\">M\u00e1s informaci\u00f3n<\/a>\t<\/div>\r\n\t<\/div>\r\n\t\t<\/div>\r\n\t\t\t<\/div>\r\n\r\n\t<div class=\"product-content\">\r\n\t\t\r\n\t\t\t<a class=\"product-loop-title\"  href=\"https:\/\/elrincondefehmi.com\/es\/tienda\/lamparas\/lampara-mosaico-de-techo-hm-14-t\/\">\r\n\t<h3 class=\"woocommerce-loop-product__title\">L\u00e1mpara mosaico del techo 5 globos<\/h3>\t<\/a>\r\n\t\r\n\t\t\r\n\t\t\t<\/div>\r\n<\/div>\r\n<\/li>\r\n\r\n<li class=\"product-col product-outimage_aq_onimage with-padding product type-product post-3340 status-publish instock product_cat-lamparas product_tag-lampara-mosaico-del-techo has-post-thumbnail shipping-taxable product-type-simple\">\r\n<div class=\"product-inner\">\r\n\t\r\n\t<div class=\"product-image\">\r\n\r\n\t\t<a  href=\"https:\/\/elrincondefehmi.com\/es\/tienda\/lamparas\/lampara-mosaico-de-techo-mm-17-t-2\/\" aria-label=\"product\">\r\n\t\t\t<div class=\"inner img-effect\"><img width=\"600\" height=\"800\" src=\"https:\/\/elrincondefehmi.com\/es\/wp-content\/uploads\/2023\/05\/IMG_5503-2-600x800.jpg\" class=\" wp-post-image wp-post-image\" alt=\"\" decoding=\"async\" loading=\"lazy\" \/><img width=\"573\" height=\"606\" src=\"https:\/\/elrincondefehmi.com\/es\/wp-content\/uploads\/2023\/05\/IMG_5we3-2.jpg\" class=\"hover-image wp-post-image\" alt=\"\" decoding=\"async\" loading=\"lazy\" srcset=\"https:\/\/elrincondefehmi.com\/es\/wp-content\/uploads\/2023\/05\/IMG_5we3-2.jpg 573w, https:\/\/elrincondefehmi.com\/es\/wp-content\/uploads\/2023\/05\/IMG_5we3-2-400x423.jpg 400w\" sizes=\"(max-width: 573px) 100vw, 573px\" \/><\/div>\t\t<\/a>\r\n\t\t\t<div class=\"links-on-image\">\r\n\t\t\t<div class=\"add-links-wrap\">\r\n\t<div class=\"add-links no-effect clearfix\">\r\n\t\t<a href=\"https:\/\/elrincondefehmi.com\/es\/tienda\/lamparas\/lampara-mosaico-de-techo-mm-17-t-2\/\" rel=\"nofollow\" data-product_id=\"3340\" data-product_sku=\"HM 32 T \/ 1\" data-quantity=\"1\" class=\"button viewcart-style-3 add_to_cart_read_more product_type_simple\"  data-product_id=\"3340\" data-product_sku=\"HM 32 T \/ 1\" aria-label=\"Lee m\u00e1s sobre &ldquo;L\u00e1mpara mosaico del techo&rdquo;\" aria-describedby=\"\" rel=\"nofollow\">M\u00e1s informaci\u00f3n<\/a>\t<\/div>\r\n\t<\/div>\r\n\t\t<\/div>\r\n\t\t\t<\/div>\r\n\r\n\t<div class=\"product-content\">\r\n\t\t\r\n\t\t\t<a class=\"product-loop-title\"  href=\"https:\/\/elrincondefehmi.com\/es\/tienda\/lamparas\/lampara-mosaico-de-techo-mm-17-t-2\/\">\r\n\t<h3 class=\"woocommerce-loop-product__title\">L\u00e1mpara mosaico del techo<\/h3>\t<\/a>\r\n\t\r\n\t\t\r\n\t\t\t<\/div>\r\n<\/div>\r\n<\/li>\r\n\r\n<li class=\"product-col product-outimage_aq_onimage with-padding product type-product post-3339 status-publish instock product_cat-lamparas product_tag-lampara-mosaico-del-techo has-post-thumbnail shipping-taxable product-type-simple\">\r\n<div class=\"product-inner\">\r\n\t\r\n\t<div class=\"product-image\">\r\n\r\n\t\t<a  href=\"https:\/\/elrincondefehmi.com\/es\/tienda\/lamparas\/lampara-mosaico-de-techo-hm-17-t-2\/\" aria-label=\"product\">\r\n\t\t\t<div class=\"inner img-effect\"><img width=\"600\" height=\"800\" src=\"https:\/\/elrincondefehmi.com\/es\/wp-content\/uploads\/2023\/05\/443-600x800.jpg\" class=\" wp-post-image wp-post-image\" alt=\"\" decoding=\"async\" loading=\"lazy\" \/><img width=\"600\" height=\"777\" src=\"https:\/\/elrincondefehmi.com\/es\/wp-content\/uploads\/2023\/05\/IMG_552305-2-600x777.jpg\" class=\"hover-image wp-post-image\" alt=\"\" decoding=\"async\" loading=\"lazy\" \/><\/div>\t\t<\/a>\r\n\t\t\t<div class=\"links-on-image\">\r\n\t\t\t<div class=\"add-links-wrap\">\r\n\t<div class=\"add-links no-effect clearfix\">\r\n\t\t<a href=\"https:\/\/elrincondefehmi.com\/es\/tienda\/lamparas\/lampara-mosaico-de-techo-hm-17-t-2\/\" rel=\"nofollow\" data-product_id=\"3339\" data-product_sku=\"CM 12 T 5 H \/ 1\" data-quantity=\"1\" class=\"button viewcart-style-3 add_to_cart_read_more product_type_simple\"  data-product_id=\"3339\" data-product_sku=\"CM 12 T 5 H \/ 1\" aria-label=\"Lee m\u00e1s sobre &ldquo;L\u00e1mpara turca color turquesa&rdquo;\" aria-describedby=\"\" rel=\"nofollow\">M\u00e1s informaci\u00f3n<\/a>\t<\/div>\r\n\t<\/div>\r\n\t\t<\/div>\r\n\t\t\t<\/div>\r\n\r\n\t<div class=\"product-content\">\r\n\t\t\r\n\t\t\t<a class=\"product-loop-title\"  href=\"https:\/\/elrincondefehmi.com\/es\/tienda\/lamparas\/lampara-mosaico-de-techo-hm-17-t-2\/\">\r\n\t<h3 class=\"woocommerce-loop-product__title\">L\u00e1mpara turca color turquesa<\/h3>\t<\/a>\r\n\t\r\n\t\t\r\n\t\t\t<\/div>\r\n<\/div>\r\n<\/li>\r\n\r\n<li class=\"product-col product-outimage_aq_onimage with-padding product type-product post-3338 status-publish last instock product_cat-lamparas product_tag-lampara-mosaico-del-techo has-post-thumbnail shipping-taxable product-type-simple\">\r\n<div class=\"product-inner\">\r\n\t\r\n\t<div class=\"product-image\">\r\n\r\n\t\t<a  href=\"https:\/\/elrincondefehmi.com\/es\/tienda\/lamparas\/lampara-mosaico-de-techo-mm-17-t\/\" aria-label=\"product\">\r\n\t\t\t<div class=\"inner img-effect\"><img width=\"600\" height=\"800\" src=\"https:\/\/elrincondefehmi.com\/es\/wp-content\/uploads\/2023\/05\/623_202856-600x800.jpg\" class=\" wp-post-image wp-post-image\" alt=\"\" decoding=\"async\" loading=\"lazy\" \/><img width=\"600\" height=\"800\" src=\"https:\/\/elrincondefehmi.com\/es\/wp-content\/uploads\/2023\/05\/Lampara-mosaico-turco--600x800.jpg\" class=\"hover-image wp-post-image\" alt=\"\" decoding=\"async\" loading=\"lazy\" \/><\/div>\t\t<\/a>\r\n\t\t\t<div class=\"links-on-image\">\r\n\t\t\t<div class=\"add-links-wrap\">\r\n\t<div class=\"add-links no-effect clearfix\">\r\n\t\t<a href=\"https:\/\/elrincondefehmi.com\/es\/tienda\/lamparas\/lampara-mosaico-de-techo-mm-17-t\/\" rel=\"nofollow\" data-product_id=\"3338\" data-product_sku=\"CM 12 H 5 \/ 3\" data-quantity=\"1\" class=\"button viewcart-style-3 add_to_cart_read_more product_type_simple\"  data-product_id=\"3338\" data-product_sku=\"CM 12 H 5 \/ 3\" aria-label=\"Lee m\u00e1s sobre &ldquo;L\u00e1mpara turca mosaico para techo&rdquo;\" aria-describedby=\"\" rel=\"nofollow\">M\u00e1s informaci\u00f3n<\/a>\t<\/div>\r\n\t<\/div>\r\n\t\t<\/div>\r\n\t\t\t<\/div>\r\n\r\n\t<div class=\"product-content\">\r\n\t\t\r\n\t\t\t<a class=\"product-loop-title\"  href=\"https:\/\/elrincondefehmi.com\/es\/tienda\/lamparas\/lampara-mosaico-de-techo-mm-17-t\/\">\r\n\t<h3 class=\"woocommerce-loop-product__title\">L\u00e1mpara turca mosaico para techo<\/h3>\t<\/a>\r\n\t\r\n\t\t\r\n\t\t\t<\/div>\r\n<\/div>\r\n<\/li>\r\n\r\n<li class=\"product-col product-outimage_aq_onimage with-padding product type-product post-3337 status-publish first instock product_cat-lamparas product_tag-lampara-mosaico-del-techo has-post-thumbnail shipping-taxable product-type-simple\">\r\n<div class=\"product-inner\">\r\n\t\r\n\t<div class=\"product-image\">\r\n\r\n\t\t<a  href=\"https:\/\/elrincondefehmi.com\/es\/tienda\/lamparas\/lampara-mosaico-de-techo-hm-17-t\/\" aria-label=\"product\">\r\n\t\t\t<div class=\"inner img-effect\"><img width=\"600\" height=\"800\" src=\"https:\/\/elrincondefehmi.com\/es\/wp-content\/uploads\/2023\/05\/21825-600x800.jpg\" class=\" wp-post-image wp-post-image\" alt=\"\" decoding=\"async\" loading=\"lazy\" \/><img width=\"600\" height=\"800\" src=\"https:\/\/elrincondefehmi.com\/es\/wp-content\/uploads\/2023\/05\/IMG_55we-2-600x800.jpg\" class=\"hover-image wp-post-image\" alt=\"\" decoding=\"async\" loading=\"lazy\" srcset=\"https:\/\/elrincondefehmi.com\/es\/wp-content\/uploads\/2023\/05\/IMG_55we-2-600x800.jpg 600w, https:\/\/elrincondefehmi.com\/es\/wp-content\/uploads\/2023\/05\/IMG_55we-2-400x533.jpg 400w\" sizes=\"(max-width: 600px) 100vw, 600px\" \/><\/div>\t\t<\/a>\r\n\t\t\t<div class=\"links-on-image\">\r\n\t\t\t<div class=\"add-links-wrap\">\r\n\t<div class=\"add-links no-effect clearfix\">\r\n\t\t<a href=\"https:\/\/elrincondefehmi.com\/es\/tienda\/lamparas\/lampara-mosaico-de-techo-hm-17-t\/\" rel=\"nofollow\" data-product_id=\"3337\" data-product_sku=\"CM 12 H 5 \/ 4\" data-quantity=\"1\" class=\"button viewcart-style-3 add_to_cart_read_more product_type_simple\"  data-product_id=\"3337\" data-product_sku=\"CM 12 H 5 \/ 4\" aria-label=\"Lee m\u00e1s sobre &ldquo;L\u00e1mpara turca mosaico para colgar&rdquo;\" aria-describedby=\"\" rel=\"nofollow\">M\u00e1s informaci\u00f3n<\/a>\t<\/div>\r\n\t<\/div>\r\n\t\t<\/div>\r\n\t\t\t<\/div>\r\n\r\n\t<div class=\"product-content\">\r\n\t\t\r\n\t\t\t<a class=\"product-loop-title\"  href=\"https:\/\/elrincondefehmi.com\/es\/tienda\/lamparas\/lampara-mosaico-de-techo-hm-17-t\/\">\r\n\t<h3 class=\"woocommerce-loop-product__title\">L\u00e1mpara turca mosaico para colgar<\/h3>\t<\/a>\r\n\t\r\n\t\t\r\n\t\t\t<\/div>\r\n<\/div>\r\n<\/li>\r\n\r\n<li class=\"product-col product-outimage_aq_onimage with-padding product type-product post-3318 status-publish instock product_cat-lamparas product_tag-lampara-mosaico-de-mesa has-post-thumbnail shipping-taxable product-type-simple\">\r\n<div class=\"product-inner\">\r\n\t\r\n\t<div class=\"product-image\">\r\n\r\n\t\t<a  href=\"https:\/\/elrincondefehmi.com\/es\/tienda\/lamparas\/lampara-mosaico-de-mesa-tm-17-9\/\" aria-label=\"product\">\r\n\t\t\t<div class=\"inner img-effect\"><img width=\"600\" height=\"800\" src=\"https:\/\/elrincondefehmi.com\/es\/wp-content\/uploads\/2023\/05\/145454-600x800.jpg\" class=\" wp-post-image wp-post-image\" alt=\"l\u00e1mparas turcas de mosaico\" decoding=\"async\" loading=\"lazy\" \/><img width=\"600\" height=\"800\" src=\"https:\/\/elrincondefehmi.com\/es\/wp-content\/uploads\/2023\/05\/IMG_5685-600x800.jpg\" class=\"hover-image wp-post-image\" alt=\"l\u00e1mparas turcas de mosaico\" decoding=\"async\" loading=\"lazy\" \/><\/div>\t\t<\/a>\r\n\t\t\t<div class=\"links-on-image\">\r\n\t\t\t<div class=\"add-links-wrap\">\r\n\t<div class=\"add-links no-effect clearfix\">\r\n\t\t<a href=\"https:\/\/elrincondefehmi.com\/es\/tienda\/lamparas\/lampara-mosaico-de-mesa-tm-17-9\/\" rel=\"nofollow\" data-product_id=\"3318\" data-product_sku=\"TM 12 L\" data-quantity=\"1\" class=\"button viewcart-style-3 add_to_cart_read_more product_type_simple\"  data-product_id=\"3318\" data-product_sku=\"TM 12 L\" aria-label=\"Lee m\u00e1s sobre &ldquo;L\u00e1mpara turca mosaico de mesa&rdquo;\" aria-describedby=\"\" rel=\"nofollow\">M\u00e1s informaci\u00f3n<\/a>\t<\/div>\r\n\t<\/div>\r\n\t\t<\/div>\r\n\t\t\t<\/div>\r\n\r\n\t<div class=\"product-content\">\r\n\t\t\r\n\t\t\t<a class=\"product-loop-title\"  href=\"https:\/\/elrincondefehmi.com\/es\/tienda\/lamparas\/lampara-mosaico-de-mesa-tm-17-9\/\">\r\n\t<h3 class=\"woocommerce-loop-product__title\">L\u00e1mpara turca mosaico de mesa<\/h3>\t<\/a>\r\n\t\r\n\t\t\r\n\t\t\t<\/div>\r\n<\/div>\r\n<\/li>\r\n\r\n<li class=\"product-col product-outimage_aq_onimage with-padding product type-product post-3317 status-publish instock product_cat-lamparas product_tag-lampara-mosaico-de-mesa has-post-thumbnail shipping-taxable product-type-simple\">\r\n<div class=\"product-inner\">\r\n\t\r\n\t<div class=\"product-image\">\r\n\r\n\t\t<a  href=\"https:\/\/elrincondefehmi.com\/es\/tienda\/lamparas\/lampara-mosaico-de-mesa-tm-17-8\/\" aria-label=\"product\">\r\n\t\t\t<div class=\"inner img-effect\"><img width=\"600\" height=\"800\" src=\"https:\/\/elrincondefehmi.com\/es\/wp-content\/uploads\/2023\/05\/635-1-600x800.jpg\" class=\" wp-post-image wp-post-image\" alt=\"\" decoding=\"async\" loading=\"lazy\" \/><img width=\"600\" height=\"737\" src=\"https:\/\/elrincondefehmi.com\/es\/wp-content\/uploads\/2023\/05\/IMG_5t679-600x737.jpg\" class=\"hover-image wp-post-image\" alt=\"\" decoding=\"async\" loading=\"lazy\" \/><\/div>\t\t<\/a>\r\n\t\t\t<div class=\"links-on-image\">\r\n\t\t\t<div class=\"add-links-wrap\">\r\n\t<div class=\"add-links no-effect clearfix\">\r\n\t\t<a href=\"https:\/\/elrincondefehmi.com\/es\/tienda\/lamparas\/lampara-mosaico-de-mesa-tm-17-8\/\" rel=\"nofollow\" data-product_id=\"3317\" data-product_sku=\"TM 12 L \/ 5\" data-quantity=\"1\" class=\"button viewcart-style-3 add_to_cart_read_more product_type_simple\"  data-product_id=\"3317\" data-product_sku=\"TM 12 L \/ 5\" aria-label=\"Lee m\u00e1s sobre &ldquo;L\u00e1mpara turca mosaico de mesa&rdquo;\" aria-describedby=\"\" rel=\"nofollow\">M\u00e1s informaci\u00f3n<\/a>\t<\/div>\r\n\t<\/div>\r\n\t\t<\/div>\r\n\t\t\t<\/div>\r\n\r\n\t<div class=\"product-content\">\r\n\t\t\r\n\t\t\t<a class=\"product-loop-title\"  href=\"https:\/\/elrincondefehmi.com\/es\/tienda\/lamparas\/lampara-mosaico-de-mesa-tm-17-8\/\">\r\n\t<h3 class=\"woocommerce-loop-product__title\">L\u00e1mpara turca mosaico de mesa<\/h3>\t<\/a>\r\n\t\r\n\t\t\r\n\t\t\t<\/div>\r\n<\/div>\r\n<\/li>\r\n\r\n<li class=\"product-col product-outimage_aq_onimage with-padding product type-product post-3316 status-publish last instock product_cat-lamparas product_tag-lampara-mosaico-de-mesa has-post-thumbnail shipping-taxable product-type-simple\">\r\n<div class=\"product-inner\">\r\n\t\r\n\t<div class=\"product-image\">\r\n\r\n\t\t<a  href=\"https:\/\/elrincondefehmi.com\/es\/tienda\/lamparas\/lampara-mosaico-de-mesa-tm-17-7\/\" aria-label=\"product\">\r\n\t\t\t<div class=\"inner img-effect\"><img width=\"600\" height=\"800\" src=\"https:\/\/elrincondefehmi.com\/es\/wp-content\/uploads\/2023\/05\/IMG_5df680-600x800.jpg\" class=\" wp-post-image wp-post-image\" alt=\"\" decoding=\"async\" loading=\"lazy\" \/><img width=\"600\" height=\"800\" src=\"https:\/\/elrincondefehmi.com\/es\/wp-content\/uploads\/2023\/05\/IMG_5686-600x800.jpg\" class=\"hover-image wp-post-image\" alt=\"\" decoding=\"async\" loading=\"lazy\" \/><\/div>\t\t<\/a>\r\n\t\t\t<div class=\"links-on-image\">\r\n\t\t\t<div class=\"add-links-wrap\">\r\n\t<div class=\"add-links no-effect clearfix\">\r\n\t\t<a href=\"https:\/\/elrincondefehmi.com\/es\/tienda\/lamparas\/lampara-mosaico-de-mesa-tm-17-7\/\" rel=\"nofollow\" data-product_id=\"3316\" data-product_sku=\"TM 12 L\/6\" data-quantity=\"1\" class=\"button viewcart-style-3 add_to_cart_read_more product_type_simple\"  data-product_id=\"3316\" data-product_sku=\"TM 12 L\/6\" aria-label=\"Lee m\u00e1s sobre &ldquo;L\u00e1mpara turca mosaico de mesa&rdquo;\" aria-describedby=\"\" rel=\"nofollow\">M\u00e1s informaci\u00f3n<\/a>\t<\/div>\r\n\t<\/div>\r\n\t\t<\/div>\r\n\t\t\t<\/div>\r\n\r\n\t<div class=\"product-content\">\r\n\t\t\r\n\t\t\t<a class=\"product-loop-title\"  href=\"https:\/\/elrincondefehmi.com\/es\/tienda\/lamparas\/lampara-mosaico-de-mesa-tm-17-7\/\">\r\n\t<h3 class=\"woocommerce-loop-product__title\">L\u00e1mpara turca mosaico de mesa<\/h3>\t<\/a>\r\n\t\r\n\t\t\r\n\t\t\t<\/div>\r\n<\/div>\r\n<\/li>\r\n\r\n<li class=\"product-col product-outimage_aq_onimage with-padding product type-product post-3303 status-publish first instock product_cat-lamparas product_tag-lampara-mosaico-de-mesa has-post-thumbnail shipping-taxable product-type-simple\">\r\n<div class=\"product-inner\">\r\n\t\r\n\t<div class=\"product-image\">\r\n\r\n\t\t<a  href=\"https:\/\/elrincondefehmi.com\/es\/tienda\/lamparas\/es-lampara-mosaico-de-mesa-tm-17\/\" aria-label=\"product\">\r\n\t\t\t<div class=\"inner img-effect\"><img width=\"600\" height=\"800\" src=\"https:\/\/elrincondefehmi.com\/es\/wp-content\/uploads\/2023\/05\/IMG_5681-600x800.jpg\" class=\" wp-post-image wp-post-image\" alt=\"\" decoding=\"async\" loading=\"lazy\" \/><img width=\"550\" height=\"500\" src=\"https:\/\/elrincondefehmi.com\/es\/wp-content\/uploads\/2023\/05\/IMG_56fr81.jpg\" class=\"hover-image wp-post-image\" alt=\"\" decoding=\"async\" loading=\"lazy\" srcset=\"https:\/\/elrincondefehmi.com\/es\/wp-content\/uploads\/2023\/05\/IMG_56fr81.jpg 550w, https:\/\/elrincondefehmi.com\/es\/wp-content\/uploads\/2023\/05\/IMG_56fr81-400x364.jpg 400w\" sizes=\"(max-width: 550px) 100vw, 550px\" \/><\/div>\t\t<\/a>\r\n\t\t\t<div class=\"links-on-image\">\r\n\t\t\t<div class=\"add-links-wrap\">\r\n\t<div class=\"add-links no-effect clearfix\">\r\n\t\t<a href=\"https:\/\/elrincondefehmi.com\/es\/tienda\/lamparas\/es-lampara-mosaico-de-mesa-tm-17\/\" rel=\"nofollow\" data-product_id=\"3303\" data-product_sku=\"TM 12 L \/ 6\" data-quantity=\"1\" class=\"button viewcart-style-3 add_to_cart_read_more product_type_simple\"  data-product_id=\"3303\" data-product_sku=\"TM 12 L \/ 6\" aria-label=\"Lee m\u00e1s sobre &ldquo;L\u00e1mpara turca mosaico de mesa&rdquo;\" aria-describedby=\"\" rel=\"nofollow\">M\u00e1s informaci\u00f3n<\/a>\t<\/div>\r\n\t<\/div>\r\n\t\t<\/div>\r\n\t\t\t<\/div>\r\n\r\n\t<div class=\"product-content\">\r\n\t\t\r\n\t\t\t<a class=\"product-loop-title\"  href=\"https:\/\/elrincondefehmi.com\/es\/tienda\/lamparas\/es-lampara-mosaico-de-mesa-tm-17\/\">\r\n\t<h3 class=\"woocommerce-loop-product__title\">L\u00e1mpara turca mosaico de mesa<\/h3>\t<\/a>\r\n\t\r\n\t\t\r\n\t\t\t<\/div>\r\n<\/div>\r\n<\/li>\r\n\r\n<li class=\"product-col product-outimage_aq_onimage with-padding product type-product post-3302 status-publish instock product_cat-lamparas product_tag-lampara-mosaico-de-mesa has-post-thumbnail shipping-taxable product-type-simple\">\r\n<div class=\"product-inner\">\r\n\t\r\n\t<div class=\"product-image\">\r\n\r\n\t\t<a  href=\"https:\/\/elrincondefehmi.com\/es\/tienda\/lamparas\/lampara-mosaico-de-mesa-tm-17-6\/\" aria-label=\"product\">\r\n\t\t\t<div class=\"inner img-effect\"><img width=\"600\" height=\"800\" src=\"https:\/\/elrincondefehmi.com\/es\/wp-content\/uploads\/2023\/05\/IMG_5fg2-600x800.jpg\" class=\" wp-post-image wp-post-image\" alt=\"\" decoding=\"async\" loading=\"lazy\" \/><img width=\"600\" height=\"600\" src=\"https:\/\/elrincondefehmi.com\/es\/wp-content\/uploads\/2023\/05\/IMG_5680982.jpg\" class=\"hover-image wp-post-image\" alt=\"\" decoding=\"async\" loading=\"lazy\" srcset=\"https:\/\/elrincondefehmi.com\/es\/wp-content\/uploads\/2023\/05\/IMG_5680982.jpg 600w, https:\/\/elrincondefehmi.com\/es\/wp-content\/uploads\/2023\/05\/IMG_5680982-400x400.jpg 400w\" sizes=\"(max-width: 600px) 100vw, 600px\" \/><\/div>\t\t<\/a>\r\n\t\t\t<div class=\"links-on-image\">\r\n\t\t\t<div class=\"add-links-wrap\">\r\n\t<div class=\"add-links no-effect clearfix\">\r\n\t\t<a href=\"https:\/\/elrincondefehmi.com\/es\/tienda\/lamparas\/lampara-mosaico-de-mesa-tm-17-6\/\" rel=\"nofollow\" data-product_id=\"3302\" data-product_sku=\"TM 12 L \/ 7\" data-quantity=\"1\" class=\"button viewcart-style-3 add_to_cart_read_more product_type_simple\"  data-product_id=\"3302\" data-product_sku=\"TM 12 L \/ 7\" aria-label=\"Lee m\u00e1s sobre &ldquo;L\u00e1mpara turca mosaico de mesa&rdquo;\" aria-describedby=\"\" rel=\"nofollow\">M\u00e1s informaci\u00f3n<\/a>\t<\/div>\r\n\t<\/div>\r\n\t\t<\/div>\r\n\t\t\t<\/div>\r\n\r\n\t<div class=\"product-content\">\r\n\t\t\r\n\t\t\t<a class=\"product-loop-title\"  href=\"https:\/\/elrincondefehmi.com\/es\/tienda\/lamparas\/lampara-mosaico-de-mesa-tm-17-6\/\">\r\n\t<h3 class=\"woocommerce-loop-product__title\">L\u00e1mpara turca mosaico de mesa<\/h3>\t<\/a>\r\n\t\r\n\t\t\r\n\t\t\t<\/div>\r\n<\/div>\r\n<\/li>\r\n\r\n<li class=\"product-col product-outimage_aq_onimage with-padding product type-product post-3301 status-publish instock product_cat-lamparas product_tag-lampara-mosaico-de-mesa has-post-thumbnail shipping-taxable product-type-simple\">\r\n<div class=\"product-inner\">\r\n\t\r\n\t<div class=\"product-image\">\r\n\r\n\t\t<a  href=\"https:\/\/elrincondefehmi.com\/es\/tienda\/lamparas\/lampara-mosaico-de-mesa-tm-17-5\/\" aria-label=\"product\">\r\n\t\t\t<div class=\"inner img-effect\"><img width=\"600\" height=\"800\" src=\"https:\/\/elrincondefehmi.com\/es\/wp-content\/uploads\/2023\/05\/IMG_5795-600x800.jpg\" class=\" wp-post-image wp-post-image\" alt=\"\" decoding=\"async\" loading=\"lazy\" \/><img width=\"600\" height=\"800\" src=\"https:\/\/elrincondefehmi.com\/es\/wp-content\/uploads\/2023\/05\/IMG_5sd795-600x800.jpg\" class=\"hover-image wp-post-image\" alt=\"\" decoding=\"async\" loading=\"lazy\" \/><\/div>\t\t<\/a>\r\n\t\t\t<div class=\"links-on-image\">\r\n\t\t\t<div class=\"add-links-wrap\">\r\n\t<div class=\"add-links no-effect clearfix\">\r\n\t\t<a href=\"https:\/\/elrincondefehmi.com\/es\/tienda\/lamparas\/lampara-mosaico-de-mesa-tm-17-5\/\" rel=\"nofollow\" data-product_id=\"3301\" data-product_sku=\"TM 14\/ 25\" data-quantity=\"1\" class=\"button viewcart-style-3 add_to_cart_read_more product_type_simple\"  data-product_id=\"3301\" data-product_sku=\"TM 14\/ 25\" aria-label=\"Lee m\u00e1s sobre &ldquo;L\u00e1mpara turca mosaico de mesa&rdquo;\" aria-describedby=\"\" rel=\"nofollow\">M\u00e1s informaci\u00f3n<\/a>\t<\/div>\r\n\t<\/div>\r\n\t\t<\/div>\r\n\t\t\t<\/div>\r\n\r\n\t<div class=\"product-content\">\r\n\t\t\r\n\t\t\t<a class=\"product-loop-title\"  href=\"https:\/\/elrincondefehmi.com\/es\/tienda\/lamparas\/lampara-mosaico-de-mesa-tm-17-5\/\">\r\n\t<h3 class=\"woocommerce-loop-product__title\">L\u00e1mpara turca mosaico de mesa<\/h3>\t<\/a>\r\n\t\r\n\t\t\r\n\t\t\t<\/div>\r\n<\/div>\r\n<\/li>\r\n\r\n<li class=\"product-col product-outimage_aq_onimage with-padding product type-product post-3300 status-publish last instock product_cat-lamparas product_tag-lampara-mosaico-de-mesa has-post-thumbnail shipping-taxable product-type-simple\">\r\n<div class=\"product-inner\">\r\n\t\r\n\t<div class=\"product-image\">\r\n\r\n\t\t<a  href=\"https:\/\/elrincondefehmi.com\/es\/tienda\/lamparas\/lampara-mosaico-de-mesa-tm-14-2\/\" aria-label=\"product\">\r\n\t\t\t<div class=\"inner img-effect\"><img width=\"600\" height=\"800\" src=\"https:\/\/elrincondefehmi.com\/es\/wp-content\/uploads\/2023\/05\/IMG_he5-600x800.jpg\" class=\" wp-post-image wp-post-image\" alt=\"\" decoding=\"async\" loading=\"lazy\" \/><img width=\"600\" height=\"600\" src=\"https:\/\/elrincondefehmi.com\/es\/wp-content\/uploads\/2023\/05\/IMG_5u81-600x600.jpg\" class=\"hover-image wp-post-image\" alt=\"\" decoding=\"async\" loading=\"lazy\" \/><\/div>\t\t<\/a>\r\n\t\t\t<div class=\"links-on-image\">\r\n\t\t\t<div class=\"add-links-wrap\">\r\n\t<div class=\"add-links no-effect clearfix\">\r\n\t\t<a href=\"https:\/\/elrincondefehmi.com\/es\/tienda\/lamparas\/lampara-mosaico-de-mesa-tm-14-2\/\" rel=\"nofollow\" data-product_id=\"3300\" data-product_sku=\"HM 22 T \/ 22\" data-quantity=\"1\" class=\"button viewcart-style-3 add_to_cart_read_more product_type_simple\"  data-product_id=\"3300\" data-product_sku=\"HM 22 T \/ 22\" aria-label=\"Lee m\u00e1s sobre &ldquo;L\u00e1mpara turca de mosaico de techo&rdquo;\" aria-describedby=\"\" rel=\"nofollow\">M\u00e1s informaci\u00f3n<\/a>\t<\/div>\r\n\t<\/div>\r\n\t\t<\/div>\r\n\t\t\t<\/div>\r\n\r\n\t<div class=\"product-content\">\r\n\t\t\r\n\t\t\t<a class=\"product-loop-title\"  href=\"https:\/\/elrincondefehmi.com\/es\/tienda\/lamparas\/lampara-mosaico-de-mesa-tm-14-2\/\">\r\n\t<h3 class=\"woocommerce-loop-product__title\">L\u00e1mpara turca de mosaico de techo<\/h3>\t<\/a>\r\n\t\r\n\t\t\r\n\t\t\t<\/div>\r\n<\/div>\r\n<\/li>\r\n<\/ul>\r\n<\/div><\/div>\t\t<\/div>\n\t\t\t\t<\/div>\n\t\t\t\t\t<\/div>\r\n\t\t\t\t<\/div>\r\n\t\t\t\t\t<\/div>\r\n\t\t\t\t<\/section>\r\n\t\t\t\t\t\t\t<\/div>\n\t\t","protected":false},"excerpt":{"rendered":"<p>L\u00c1MPARAS TURCAS ARABES Nuestras l\u00e1mparas turcas arabes de mosaico se fabrican de manera artesanal con estructura lat\u00f3n y tesales de cristal cortados a mano. Ven a visitarnos y te ayudamos a crear tu propia combinaci\u00f3nRead More<\/p>\n","protected":false},"author":1,"featured_media":0,"parent":0,"menu_order":0,"comment_status":"closed","ping_status":"closed","template":"","meta":[],"yoast_head":"<!-- This site is optimized with the Yoast SEO plugin v21.5 - https:\/\/yoast.com\/wordpress\/plugins\/seo\/ -->\n<title>L\u00e1mparas Artesanales de Turqu\u00eda | El Rinc\u00f3n de Fehmi Madrid<\/title>\n<meta name=\"robots\" content=\"index, follow, max-snippet:-1, max-image-preview:large, max-video-preview:-1\" \/>\n<link rel=\"canonical\" href=\"https:\/\/elrincondefehmi.com\/es\/lamparas-turcas\/\" \/>\n<meta property=\"og:locale\" content=\"es_ES\" \/>\n<meta property=\"og:type\" content=\"article\" \/>\n<meta property=\"og:title\" content=\"L\u00e1mparas Artesanales de Turqu\u00eda | El Rinc\u00f3n de Fehmi Madrid\" \/>\n<meta property=\"og:description\" content=\"L\u00c1MPARAS TURCAS ARABES Nuestras l\u00e1mparas turcas arabes de mosaico se fabrican de manera artesanal con estructura lat\u00f3n y tesales de cristal cortados a mano. Ven a visitarnos y te ayudamos a crear tu propia combinaci\u00f3nRead More\" \/>\n<meta property=\"og:url\" content=\"https:\/\/elrincondefehmi.com\/es\/lamparas-turcas\/\" \/>\n<meta property=\"og:site_name\" content=\"El Rinc\u00f3n de Fehmi Madrid\" \/>\n<meta property=\"article:modified_time\" content=\"2025-06-27T15:25:16+00:00\" \/>\n<meta property=\"og:image\" content=\"https:\/\/elrincondefehmi.com\/es\/wp-content\/uploads\/2023\/05\/IMG_9050-300x300.jpg\" \/>\n<meta name=\"twitter:card\" content=\"summary_large_image\" \/>\n<script type=\"application\/ld+json\" class=\"yoast-schema-graph\">{\"@context\":\"https:\/\/schema.org\",\"@graph\":[{\"@type\":\"WebPage\",\"@id\":\"https:\/\/elrincondefehmi.com\/es\/lamparas-turcas\/\",\"url\":\"https:\/\/elrincondefehmi.com\/es\/lamparas-turcas\/\",\"name\":\"L\u00e1mparas Artesanales de Turqu\u00eda | El Rinc\u00f3n de Fehmi Madrid\",\"isPartOf\":{\"@id\":\"https:\/\/elrincondefehmi.com\/es\/#website\"},\"datePublished\":\"2019-05-24T22:24:21+00:00\",\"dateModified\":\"2025-06-27T15:25:16+00:00\",\"inLanguage\":\"es\",\"potentialAction\":[{\"@type\":\"ReadAction\",\"target\":[\"https:\/\/elrincondefehmi.com\/es\/lamparas-turcas\/\"]}]},{\"@type\":\"WebSite\",\"@id\":\"https:\/\/elrincondefehmi.com\/es\/#website\",\"url\":\"https:\/\/elrincondefehmi.com\/es\/\",\"name\":\"El Rinc\u00f3n de Fehmi Madrid\",\"description\":\"Tienda de alfombras en Madrid.  En El Rinc\u00f3n de Fehmi somos especialistas en alfombras artesanales, alfombras modernas contempor\u00e1neas kilims de Turqu\u00eda\",\"potentialAction\":[{\"@type\":\"SearchAction\",\"target\":{\"@type\":\"EntryPoint\",\"urlTemplate\":\"https:\/\/elrincondefehmi.com\/es\/?s={search_term_string}\"},\"query-input\":\"required name=search_term_string\"}],\"inLanguage\":\"es\"}]}<\/script>\n<!-- \/ Yoast SEO plugin. -->","yoast_head_json":{"title":"L\u00e1mparas Artesanales de Turqu\u00eda | El Rinc\u00f3n de Fehmi Madrid","robots":{"index":"index","follow":"follow","max-snippet":"max-snippet:-1","max-image-preview":"max-image-preview:large","max-video-preview":"max-video-preview:-1"},"canonical":"https:\/\/elrincondefehmi.com\/es\/lamparas-turcas\/","og_locale":"es_ES","og_type":"article","og_title":"L\u00e1mparas Artesanales de Turqu\u00eda | El Rinc\u00f3n de Fehmi Madrid","og_description":"L\u00c1MPARAS TURCAS ARABES Nuestras l\u00e1mparas turcas arabes de mosaico se fabrican de manera artesanal con estructura lat\u00f3n y tesales de cristal cortados a mano. Ven a visitarnos y te ayudamos a crear tu propia combinaci\u00f3nRead More","og_url":"https:\/\/elrincondefehmi.com\/es\/lamparas-turcas\/","og_site_name":"El Rinc\u00f3n de Fehmi Madrid","article_modified_time":"2025-06-27T15:25:16+00:00","og_image":[{"url":"https:\/\/elrincondefehmi.com\/es\/wp-content\/uploads\/2023\/05\/IMG_9050-300x300.jpg"}],"twitter_card":"summary_large_image","schema":{"@context":"https:\/\/schema.org","@graph":[{"@type":"WebPage","@id":"https:\/\/elrincondefehmi.com\/es\/lamparas-turcas\/","url":"https:\/\/elrincondefehmi.com\/es\/lamparas-turcas\/","name":"L\u00e1mparas Artesanales de Turqu\u00eda | El Rinc\u00f3n de Fehmi Madrid","isPartOf":{"@id":"https:\/\/elrincondefehmi.com\/es\/#website"},"datePublished":"2019-05-24T22:24:21+00:00","dateModified":"2025-06-27T15:25:16+00:00","inLanguage":"es","potentialAction":[{"@type":"ReadAction","target":["https:\/\/elrincondefehmi.com\/es\/lamparas-turcas\/"]}]},{"@type":"WebSite","@id":"https:\/\/elrincondefehmi.com\/es\/#website","url":"https:\/\/elrincondefehmi.com\/es\/","name":"El Rinc\u00f3n de Fehmi Madrid","description":"Tienda de alfombras en Madrid.  En El Rinc\u00f3n de Fehmi somos especialistas en alfombras artesanales, alfombras modernas contempor\u00e1neas kilims de Turqu\u00eda","potentialAction":[{"@type":"SearchAction","target":{"@type":"EntryPoint","urlTemplate":"https:\/\/elrincondefehmi.com\/es\/?s={search_term_string}"},"query-input":"required name=search_term_string"}],"inLanguage":"es"}]}},"_links":{"self":[{"href":"https:\/\/elrincondefehmi.com\/es\/wp-json\/wp\/v2\/pages\/12852"}],"collection":[{"href":"https:\/\/elrincondefehmi.com\/es\/wp-json\/wp\/v2\/pages"}],"about":[{"href":"https:\/\/elrincondefehmi.com\/es\/wp-json\/wp\/v2\/types\/page"}],"author":[{"embeddable":true,"href":"https:\/\/elrincondefehmi.com\/es\/wp-json\/wp\/v2\/users\/1"}],"replies":[{"embeddable":true,"href":"https:\/\/elrincondefehmi.com\/es\/wp-json\/wp\/v2\/comments?post=12852"}],"version-history":[{"count":4,"href":"https:\/\/elrincondefehmi.com\/es\/wp-json\/wp\/v2\/pages\/12852\/revisions"}],"predecessor-version":[{"id":26080,"href":"https:\/\/elrincondefehmi.com\/es\/wp-json\/wp\/v2\/pages\/12852\/revisions\/26080"}],"wp:attachment":[{"href":"https:\/\/elrincondefehmi.com\/es\/wp-json\/wp\/v2\/media?parent=12852"}],"curies":[{"name":"wp","href":"https:\/\/api.w.org\/{rel}","templated":true}]}}